{"id":26,"date":"2017-09-22T15:02:55","date_gmt":"2017-09-22T13:02:55","guid":{"rendered":"http:\/\/psychologue-carolineverges.com\/?page_id=26"},"modified":"2019-01-20T12:37:20","modified_gmt":"2019-01-20T11:37:20","slug":"qui-suis-je","status":"publish","type":"page","link":"https:\/\/psychologue-carolineverges.com\/index.php\/qui-suis-je\/","title":{"rendered":"Qui suis-je ?"},"content":{"rendered":"<p>Bienvenue, je vous propose de faire connaissance\u00a0:<\/p>\n<p><strong>Psychologue, dipl\u00f4m\u00e9e d\u2019\u00e9tat (DESS)<\/strong> de l\u2019Universit\u00e9 Paris X en 1998, accr\u00e9dit\u00e9e par l\u2019Agence R\u00e9gionale de Sant\u00e9 (ARS), je re\u00e7ois dans le cadre de consultations individuelles, des adultes et des adolescents, pour un soutien psychologique ponctuel ou pour un accompagnement plus r\u00e9gulier dans un processus de r\u00e9flexion sur soi.<\/p>\n<p>Un parcours d\u2019une vingtaine d\u2019ann\u00e9es, \u00e0 la fois en entreprise, en cabinet et en lib\u00e9ral m\u2019a permis de m\u2019enrichir de relations et d\u2019exp\u00e9riences humaines sans cesse renouvel\u00e9es, toutes diff\u00e9rentes, n\u00e9cessitant des qualit\u00e9s d\u2019analyse, une \u00e9coute active et bienveillante, ainsi qu\u2019une r\u00e9elle flexibilit\u00e9 et un sens de l\u2019\u00e9thique.<\/p>\n<p>Un parcours qui me permet aujourd\u2019hui de vous proposer un accompagnement global, qui prend en compte les dimensions li\u00e9es \u00e0 la vie priv\u00e9e et \u00e0 la vie professionnelle.<\/p>\n<p><strong><a href=\"http:\/\/psychologue-carolineverges.com\/index.php\/emdr\/\">Praticienne EMDR Europe,<\/a><\/strong>\u00a0je me suis form\u00e9e \u00e0 l\u2019Institut Fran\u00e7ais d\u2019EMDR et r\u00e9alise r\u00e9guli\u00e8rement des supervisons (analyse de la pratique) afin d\u2019asseoir mes connaissances, nourrir ma pratique et enrichir ma r\u00e9flexion.<\/p>\n<p>Je suis membre de l\u2019Association EMDR France \/ EMDR Europe.<\/p>\n<p>&nbsp;<\/p>\n<p><img loading=\"lazy\" decoding=\"async\" class=\"wp-image-98 alignleft\" src=\"http:\/\/psychologue-carolineverges.com\/wp-content\/uploads\/2017\/09\/Macaron-Psychologues.jpg\" alt=\"\" width=\"149\" height=\"148\" \/><\/p>\n<p>Mon titre de psychologue est authentifi\u00e9 \u00e0 l\u2019Agence R\u00e9gionale de Sant\u00e9 PACA sous le num\u00e9ro ADELI\u00a0: 13.93.2604.5<\/p>\n<p>Le m\u00e9tier de psychologue est une profession r\u00e9glement\u00e9e qui requiert l\u2019obtention d\u2019un master 2 mention \u00ab\u00a0psychologie\u00a0\u00bb et l\u2019inscription au r\u00e9pertoire ADELI. Cette inscription t\u00e9moigne de la v\u00e9racit\u00e9 du dipl\u00f4me du professionnel et autorise \u00e0 faire usage du titre de psychologue.<\/p>\n<p>&nbsp;<\/p>\n<p>L&rsquo;usurpation du titre de psychologue est un d\u00e9lit (infraction pr\u00e9vue par l&rsquo;<a href=\"http:\/\/www.legifrance.gouv.fr\/affichCodeArticle.do?cidTexte=LEGITEXT000006070719&amp;idArticle=LEGIARTI000021342951\">article 433-17 du code p\u00e9nal<\/a>).<\/p>\n","protected":false},"excerpt":{"rendered":"<p>Bienvenue, je vous propose de faire connaissance\u00a0: Psychologue, dipl\u00f4m\u00e9e d\u2019\u00e9tat (DESS) de l\u2019Universit\u00e9 Paris X en 1998, accr\u00e9dit\u00e9e par l\u2019Agence R\u00e9gionale de Sant\u00e9 (ARS), je re\u00e7ois dans le cadre de consultations individuelles, des adultes et des adolescents, pour un soutien psychologique ponctuel ou pour un accompagnement plus r\u00e9gulier dans un processus de r\u00e9flexion sur soi. [&hellip;]<\/p>\n","protected":false},"author":1,"featured_media":0,"parent":0,"menu_order":0,"comment_status":"closed","ping_status":"closed","template":"template-full-width.php","meta":{"footnotes":""},"class_list":["post-26","page","type-page","status-publish","hentry"],"yoast_head":"<!-- This site is optimized with the Yoast SEO plugin v27.0 - https:\/\/yoast.com\/product\/yoast-seo-wordpress\/ -->\n<title>Qui suis-je ? - Caroline Verg\u00e8s<\/title>\n<meta name=\"robots\" content=\"index, follow, max-snippet:-1, max-image-preview:large, max-video-preview:-1\" \/>\n<link rel=\"canonical\" href=\"https:\/\/psychologue-carolineverges.com\/index.php\/qui-suis-je\/\" \/>\n<meta property=\"og:locale\" content=\"fr_FR\" \/>\n<meta property=\"og:type\" content=\"article\" \/>\n<meta property=\"og:title\" content=\"Qui suis-je ? - Caroline Verg\u00e8s\" \/>\n<meta property=\"og:description\" content=\"Bienvenue, je vous propose de faire connaissance\u00a0: Psychologue, dipl\u00f4m\u00e9e d\u2019\u00e9tat (DESS) de l\u2019Universit\u00e9 Paris X en 1998, accr\u00e9dit\u00e9e par l\u2019Agence R\u00e9gionale de Sant\u00e9 (ARS), je re\u00e7ois dans le cadre de consultations individuelles, des adultes et des adolescents, pour un soutien psychologique ponctuel ou pour un accompagnement plus r\u00e9gulier dans un processus de r\u00e9flexion sur soi. [&hellip;]\" \/>\n<meta property=\"og:url\" content=\"https:\/\/psychologue-carolineverges.com\/index.php\/qui-suis-je\/\" \/>\n<meta property=\"og:site_name\" content=\"Caroline Verg\u00e8s\" \/>\n<meta property=\"article:modified_time\" content=\"2019-01-20T11:37:20+00:00\" \/>\n<meta property=\"og:image\" content=\"https:\/\/psychologue-carolineverges.com\/wp-content\/uploads\/2017\/09\/Macaron-Psychologues.jpg\" \/>\n\t<meta property=\"og:image:width\" content=\"148\" \/>\n\t<meta property=\"og:image:height\" content=\"147\" \/>\n\t<meta property=\"og:image:type\" content=\"image\/jpeg\" \/>\n<meta name=\"twitter:card\" content=\"summary_large_image\" \/>\n<meta name=\"twitter:label1\" content=\"Dur\u00e9e de lecture estim\u00e9e\" \/>\n\t<meta name=\"twitter:data1\" content=\"1 minute\" \/>\n<script type=\"application\/ld+json\" class=\"yoast-schema-graph\">{\"@context\":\"https:\/\/schema.org\",\"@graph\":[{\"@type\":\"WebPage\",\"@id\":\"https:\/\/psychologue-carolineverges.com\/index.php\/qui-suis-je\/\",\"url\":\"https:\/\/psychologue-carolineverges.com\/index.php\/qui-suis-je\/\",\"name\":\"Qui suis-je ? - Caroline Verg\u00e8s\",\"isPartOf\":{\"@id\":\"https:\/\/psychologue-carolineverges.com\/#website\"},\"primaryImageOfPage\":{\"@id\":\"https:\/\/psychologue-carolineverges.com\/index.php\/qui-suis-je\/#primaryimage\"},\"image\":{\"@id\":\"https:\/\/psychologue-carolineverges.com\/index.php\/qui-suis-je\/#primaryimage\"},\"thumbnailUrl\":\"http:\/\/psychologue-carolineverges.com\/wp-content\/uploads\/2017\/09\/Macaron-Psychologues.jpg\",\"datePublished\":\"2017-09-22T13:02:55+00:00\",\"dateModified\":\"2019-01-20T11:37:20+00:00\",\"breadcrumb\":{\"@id\":\"https:\/\/psychologue-carolineverges.com\/index.php\/qui-suis-je\/#breadcrumb\"},\"inLanguage\":\"fr-FR\",\"potentialAction\":[{\"@type\":\"ReadAction\",\"target\":[\"https:\/\/psychologue-carolineverges.com\/index.php\/qui-suis-je\/\"]}]},{\"@type\":\"ImageObject\",\"inLanguage\":\"fr-FR\",\"@id\":\"https:\/\/psychologue-carolineverges.com\/index.php\/qui-suis-je\/#primaryimage\",\"url\":\"https:\/\/psychologue-carolineverges.com\/wp-content\/uploads\/2017\/09\/Macaron-Psychologues.jpg\",\"contentUrl\":\"https:\/\/psychologue-carolineverges.com\/wp-content\/uploads\/2017\/09\/Macaron-Psychologues.jpg\",\"width\":148,\"height\":147},{\"@type\":\"BreadcrumbList\",\"@id\":\"https:\/\/psychologue-carolineverges.com\/index.php\/qui-suis-je\/#breadcrumb\",\"itemListElement\":[{\"@type\":\"ListItem\",\"position\":1,\"name\":\"Accueil\",\"item\":\"https:\/\/psychologue-carolineverges.com\/\"},{\"@type\":\"ListItem\",\"position\":2,\"name\":\"Qui suis-je ?\"}]},{\"@type\":\"WebSite\",\"@id\":\"https:\/\/psychologue-carolineverges.com\/#website\",\"url\":\"https:\/\/psychologue-carolineverges.com\/\",\"name\":\"Caroline Verg\u00e8s\",\"description\":\"Psychologue - Th\u00e9rapeute\",\"potentialAction\":[{\"@type\":\"SearchAction\",\"target\":{\"@type\":\"EntryPoint\",\"urlTemplate\":\"https:\/\/psychologue-carolineverges.com\/?s={search_term_string}\"},\"query-input\":{\"@type\":\"PropertyValueSpecification\",\"valueRequired\":true,\"valueName\":\"search_term_string\"}}],\"inLanguage\":\"fr-FR\"}]}<\/script>\n<!-- \/ Yoast SEO plugin. -->","yoast_head_json":{"title":"Qui suis-je ? - Caroline Verg\u00e8s","robots":{"index":"index","follow":"follow","max-snippet":"max-snippet:-1","max-image-preview":"max-image-preview:large","max-video-preview":"max-video-preview:-1"},"canonical":"https:\/\/psychologue-carolineverges.com\/index.php\/qui-suis-je\/","og_locale":"fr_FR","og_type":"article","og_title":"Qui suis-je ? - Caroline Verg\u00e8s","og_description":"Bienvenue, je vous propose de faire connaissance\u00a0: Psychologue, dipl\u00f4m\u00e9e d\u2019\u00e9tat (DESS) de l\u2019Universit\u00e9 Paris X en 1998, accr\u00e9dit\u00e9e par l\u2019Agence R\u00e9gionale de Sant\u00e9 (ARS), je re\u00e7ois dans le cadre de consultations individuelles, des adultes et des adolescents, pour un soutien psychologique ponctuel ou pour un accompagnement plus r\u00e9gulier dans un processus de r\u00e9flexion sur soi. [&hellip;]","og_url":"https:\/\/psychologue-carolineverges.com\/index.php\/qui-suis-je\/","og_site_name":"Caroline Verg\u00e8s","article_modified_time":"2019-01-20T11:37:20+00:00","og_image":[{"width":148,"height":147,"url":"https:\/\/psychologue-carolineverges.com\/wp-content\/uploads\/2017\/09\/Macaron-Psychologues.jpg","type":"image\/jpeg"}],"twitter_card":"summary_large_image","twitter_misc":{"Dur\u00e9e de lecture estim\u00e9e":"1 minute"},"schema":{"@context":"https:\/\/schema.org","@graph":[{"@type":"WebPage","@id":"https:\/\/psychologue-carolineverges.com\/index.php\/qui-suis-je\/","url":"https:\/\/psychologue-carolineverges.com\/index.php\/qui-suis-je\/","name":"Qui suis-je ? - Caroline Verg\u00e8s","isPartOf":{"@id":"https:\/\/psychologue-carolineverges.com\/#website"},"primaryImageOfPage":{"@id":"https:\/\/psychologue-carolineverges.com\/index.php\/qui-suis-je\/#primaryimage"},"image":{"@id":"https:\/\/psychologue-carolineverges.com\/index.php\/qui-suis-je\/#primaryimage"},"thumbnailUrl":"http:\/\/psychologue-carolineverges.com\/wp-content\/uploads\/2017\/09\/Macaron-Psychologues.jpg","datePublished":"2017-09-22T13:02:55+00:00","dateModified":"2019-01-20T11:37:20+00:00","breadcrumb":{"@id":"https:\/\/psychologue-carolineverges.com\/index.php\/qui-suis-je\/#breadcrumb"},"inLanguage":"fr-FR","potentialAction":[{"@type":"ReadAction","target":["https:\/\/psychologue-carolineverges.com\/index.php\/qui-suis-je\/"]}]},{"@type":"ImageObject","inLanguage":"fr-FR","@id":"https:\/\/psychologue-carolineverges.com\/index.php\/qui-suis-je\/#primaryimage","url":"https:\/\/psychologue-carolineverges.com\/wp-content\/uploads\/2017\/09\/Macaron-Psychologues.jpg","contentUrl":"https:\/\/psychologue-carolineverges.com\/wp-content\/uploads\/2017\/09\/Macaron-Psychologues.jpg","width":148,"height":147},{"@type":"BreadcrumbList","@id":"https:\/\/psychologue-carolineverges.com\/index.php\/qui-suis-je\/#breadcrumb","itemListElement":[{"@type":"ListItem","position":1,"name":"Accueil","item":"https:\/\/psychologue-carolineverges.com\/"},{"@type":"ListItem","position":2,"name":"Qui suis-je ?"}]},{"@type":"WebSite","@id":"https:\/\/psychologue-carolineverges.com\/#website","url":"https:\/\/psychologue-carolineverges.com\/","name":"Caroline Verg\u00e8s","description":"Psychologue - Th\u00e9rapeute","potentialAction":[{"@type":"SearchAction","target":{"@type":"EntryPoint","urlTemplate":"https:\/\/psychologue-carolineverges.com\/?s={search_term_string}"},"query-input":{"@type":"PropertyValueSpecification","valueRequired":true,"valueName":"search_term_string"}}],"inLanguage":"fr-FR"}]}},"_links":{"self":[{"href":"https:\/\/psychologue-carolineverges.com\/index.php\/wp-json\/wp\/v2\/pages\/26","targetHints":{"allow":["GET"]}}],"collection":[{"href":"https:\/\/psychologue-carolineverges.com\/index.php\/wp-json\/wp\/v2\/pages"}],"about":[{"href":"https:\/\/psychologue-carolineverges.com\/index.php\/wp-json\/wp\/v2\/types\/page"}],"author":[{"embeddable":true,"href":"https:\/\/psychologue-carolineverges.com\/index.php\/wp-json\/wp\/v2\/users\/1"}],"replies":[{"embeddable":true,"href":"https:\/\/psychologue-carolineverges.com\/index.php\/wp-json\/wp\/v2\/comments?post=26"}],"version-history":[{"count":12,"href":"https:\/\/psychologue-carolineverges.com\/index.php\/wp-json\/wp\/v2\/pages\/26\/revisions"}],"predecessor-version":[{"id":128,"href":"https:\/\/psychologue-carolineverges.com\/index.php\/wp-json\/wp\/v2\/pages\/26\/revisions\/128"}],"wp:attachment":[{"href":"https:\/\/psychologue-carolineverges.com\/index.php\/wp-json\/wp\/v2\/media?parent=26"}],"curies":[{"name":"wp","href":"https:\/\/api.w.org\/{rel}","templated":true}]}}